{"id":3451,"date":"2022-06-10T10:20:46","date_gmt":"2022-06-10T08:20:46","guid":{"rendered":"http:\/\/www.paroisse-fribourg.ch\/im-lauf-des-lebens\/bapteme\/"},"modified":"2025-09-12T10:14:31","modified_gmt":"2025-09-12T08:14:31","slug":"taufe","status":"publish","type":"page","link":"https:\/\/www.paroisse-fribourg.ch\/de\/im-lauf-des-lebens\/taufe\/","title":{"rendered":"Taufe"},"content":{"rendered":"<div class=\"wpb-content-wrapper\"><p>[vc_row el_class=&#8220;top-0&#8243;][vc_column][vc_row_inner][vc_column_inner width=&#8220;2\/3&#8243;][vc_column_text]<\/p>\n<h1>Taufe<\/h1>\n<p>M\u00f6chten Sie Ihr Kind taufen lassen?<br \/>\nM\u00f6chten Sie selbst die Taufe empfangen?<br \/>\nM\u00f6chten Sie f\u00fcr Ihr Kind eine Segensfeier?[\/vc_column_text][\/vc_column_inner][vc_column_inner width=&#8220;1\/3&#8243;][\/vc_column_inner][\/vc_row_inner][\/vc_column][\/vc_row][vc_row full_width=&#8220;stretch_row&#8220; el_class=&#8220;image top-0&#8243; css=&#8220;.vc_custom_1668777960908{background-image: url(http:\/\/www.paroisse-fribourg.ch\/wp-content\/uploads\/7647084_m.jpg?id=3234) !important;}&#8220;][vc_column][\/vc_column][\/vc_row][vc_row][vc_column][vc_row_inner][vc_column_inner][vc_column_text css=&#8220;&#8220;]Das Wort Taufe kommt vom Griechischen \u00ab<em>bapt\u00edzein<\/em>\u00bb, was so viel wie \u00abuntertauchen\u00bb bedeutet. In der ersten <a href=\"https:\/\/de.wikipedia.org\/wiki\/Germanen\">germanischen<\/a> <a href=\"https:\/\/de.wikipedia.org\/wiki\/Bibel%C3%BCbersetzung\">Bibel\u00fcbersetzung<\/a>, der <a href=\"https:\/\/de.wikipedia.org\/wiki\/Gotische_Sprache\">gotischen<\/a> Bibel von <a href=\"https:\/\/de.wikipedia.org\/wiki\/Wulfila\">Wulfila<\/a> aus dem 4. Jahrhundert, wird <em>bapt\u00edzein<\/em> mit <em>daupjan<\/em> \u00fcbersetzt, was ebenso wie das griechische Wort \u201eeintauchen\u201c bedeutet. Im Althochdeutschen entwickelt sich das Wort dann weiter zu <em>toufen<\/em>.<\/p>\n<p>Durch das Zeichen des Wassers und die Anrufung Gottes, des Vaters, des Sohnes und des Heiligen Geistes, wird die Person unter den Segen Gottes gestellt und in die christliche Gemeinschaft aufgenommen.<\/p>\n<p>Die Taufe ist auch eine Antwort auf Gottes unbedingte Liebe.<\/p>\n<p>Wenn sich ein Jugendlicher oder ein Erwachsener f\u00fcr die Taufe entscheidet, ist sie auch eine Antwort auf Gottes bedingungsloses Ja zu uns.<\/p>\n<p>Bei der Segnung eines Kindes bittet der Pfarrer um Gottes Beistand f\u00fcr das Kind und stellt es der versammelten Gemeinde vor.<\/p>\n<p><a class=\"button\" href=\"http:\/\/www.evref.ch\/wp-content\/uploads\/2019\/11\/biblische_aspekte_taufe_de.pdf\" target=\"_blank\" rel=\"noopener\">Weitere Informationen <\/a><\/p>\n<p>&nbsp;<\/p>\n<p>Taufen sind grunds\u00e4tzlich in allen Gottesdiensten um 10.15 Uhr m\u00f6glich. Die franz\u00f6sischsprachigen Gottesdienste finden abwechslungsweise mit den deutschsprachigen statt.<\/p>\n<p><strong>\u00a0<\/strong>[\/vc_column_text][\/vc_column_inner][\/vc_row_inner][\/vc_column][\/vc_row][vc_row full_width=&#8220;stretch_row&#8220;][vc_column][vc_row_inner][vc_column_inner][vc_column_text]<\/p>\n<h2>Kontakt-Formular<\/h2>\n<p>[\/vc_column_text][\/vc_column_inner][\/vc_row_inner][vc_row_inner][vc_column_inner width=&#8220;8\/12&#8243;]<div class=\"wpforms-container wpforms-container-full\" id=\"wpforms-3455\"><form id=\"wpforms-form-3455\" class=\"wpforms-validate wpforms-form wpforms-ajax-form\" data-formid=\"3455\" method=\"post\" enctype=\"multipart\/form-data\" action=\"\/de\/wp-json\/wp\/v2\/pages\/3451\" data-token=\"5fc8692c30f94678a17cd8bed81dad57\" data-token-time=\"1788240784\"><noscript class=\"wpforms-error-noscript\">Bitte aktiviere JavaScript in deinem Browser, um dieses Formular fertigzustellen.<\/noscript><div class=\"wpforms-field-container\"><div id=\"wpforms-3455-field_1-container\" class=\"wpforms-field wpforms-field-checkbox\" data-field-id=\"1\"><label class=\"wpforms-field-label\">Gew\u00fcnschte Sprache<\/label><ul id=\"wpforms-3455-field_1\"><li class=\"choice-1 depth-1\"><input type=\"checkbox\" id=\"wpforms-3455-field_1_1\" name=\"wpforms[fields][1][]\" value=\"D\"  ><label class=\"wpforms-field-label-inline\" for=\"wpforms-3455-field_1_1\">D<\/label><\/li><li class=\"choice-2 depth-1\"><input type=\"checkbox\" id=\"wpforms-3455-field_1_2\" name=\"wpforms[fields][1][]\" value=\"F\"  ><label class=\"wpforms-field-label-inline\" for=\"wpforms-3455-field_1_2\">F<\/label><\/li><\/ul><\/div><div id=\"wpforms-3455-field_3-container\" class=\"wpforms-field wpforms-field-date-time\" data-field-id=\"3\"><label class=\"wpforms-field-label\" for=\"wpforms-3455-field_3\">Gew\u00fcnschtes Datum<\/label><div class=\"wpforms-datepicker-wrap\"><input type=\"text\" id=\"wpforms-3455-field_3\" class=\"wpforms-field-date-time-date wpforms-datepicker wpforms-field-medium\" data-date-format=\"m\/d\/Y\" data-disable-past-dates=\"0\" data-input=\"true\" name=\"wpforms[fields][3][date]\" ><a title=\"Datum leeren\" data-clear class=\"wpforms-datepicker-clear\" style=\"display:none;\"><\/a><\/div><\/div><div id=\"wpforms-3455-field_4-container\" class=\"wpforms-field wpforms-field-date-time\" data-field-id=\"4\"><label class=\"wpforms-field-label\" for=\"wpforms-3455-field_4\">M\u00f6gliche Ausweichdaten<\/label><div class=\"wpforms-datepicker-wrap\"><input type=\"text\" id=\"wpforms-3455-field_4\" class=\"wpforms-field-date-time-date wpforms-datepicker wpforms-field-medium\" data-date-format=\"m\/d\/Y\" data-disable-past-dates=\"0\" data-input=\"true\" name=\"wpforms[fields][4][date]\" ><a title=\"Datum leeren\" data-clear class=\"wpforms-datepicker-clear\" style=\"display:none;\"><\/a><\/div><\/div><div id=\"wpforms-3455-field_5-container\" class=\"wpforms-field wpforms-field-text\" data-field-id=\"5\"><label class=\"wpforms-field-label\" for=\"wpforms-3455-field_5\">Vorname(n) des T\u00e4uflings<\/label><input type=\"text\" id=\"wpforms-3455-field_5\" class=\"wpforms-field-medium\" name=\"wpforms[fields][5]\" ><\/div><div id=\"wpforms-3455-field_6-container\" class=\"wpforms-field wpforms-field-text\" data-field-id=\"6\"><label class=\"wpforms-field-label\" for=\"wpforms-3455-field_6\">Name des T\u00e4uflings<\/label><input type=\"text\" id=\"wpforms-3455-field_6\" class=\"wpforms-field-medium\" name=\"wpforms[fields][6]\" ><\/div><div id=\"wpforms-3455-field_7-container\" class=\"wpforms-field wpforms-field-date-time\" data-field-id=\"7\"><label class=\"wpforms-field-label\" for=\"wpforms-3455-field_7\">Geburtsdatum des T\u00e4uflings<\/label><div class=\"wpforms-datepicker-wrap\"><input type=\"text\" id=\"wpforms-3455-field_7\" class=\"wpforms-field-date-time-date wpforms-datepicker wpforms-field-medium\" data-date-format=\"m\/d\/Y\" data-disable-past-dates=\"0\" data-input=\"true\" name=\"wpforms[fields][7][date]\" ><a title=\"Datum leeren\" data-clear class=\"wpforms-datepicker-clear\" style=\"display:none;\"><\/a><\/div><\/div><div id=\"wpforms-3455-field_8-container\" class=\"wpforms-field wpforms-field-text\" data-field-id=\"8\"><label class=\"wpforms-field-label\" for=\"wpforms-3455-field_8\">Name und Vorname der Eltern<\/label><input type=\"text\" id=\"wpforms-3455-field_8\" class=\"wpforms-field-medium\" name=\"wpforms[fields][8]\" ><\/div><div id=\"wpforms-3455-field_9-container\" class=\"wpforms-field wpforms-field-text\" data-field-id=\"9\"><label class=\"wpforms-field-label\" for=\"wpforms-3455-field_9\">Adresse<\/label><input type=\"text\" id=\"wpforms-3455-field_9\" class=\"wpforms-field-medium\" name=\"wpforms[fields][9]\" ><\/div><div id=\"wpforms-3455-field_10-container\" class=\"wpforms-field wpforms-field-text\" data-field-id=\"10\"><label class=\"wpforms-field-label\" for=\"wpforms-3455-field_10\">NPA\/Ort<\/label><input type=\"text\" id=\"wpforms-3455-field_10\" class=\"wpforms-field-medium\" name=\"wpforms[fields][10]\" ><\/div><div id=\"wpforms-3455-field_12-container\" class=\"wpforms-field wpforms-field-text\" data-field-id=\"12\"><label class=\"wpforms-field-label\" for=\"wpforms-3455-field_12\">Telefonnummer<\/label><input type=\"text\" id=\"wpforms-3455-field_12\" class=\"wpforms-field-medium\" name=\"wpforms[fields][12]\" ><\/div><div id=\"wpforms-3455-field_13-container\" class=\"wpforms-field wpforms-field-email\" data-field-id=\"13\"><label class=\"wpforms-field-label\" for=\"wpforms-3455-field_13\">E-Mail<\/label><input type=\"email\" id=\"wpforms-3455-field_13\" class=\"wpforms-field-medium\" name=\"wpforms[fields][13]\" spellcheck=\"false\" ><\/div><div id=\"wpforms-3455-field_14-container\" class=\"wpforms-field wpforms-field-textarea\" data-field-id=\"14\"><label class=\"wpforms-field-label\" for=\"wpforms-3455-field_14\">Bemerkungen<\/label><textarea id=\"wpforms-3455-field_14\" class=\"wpforms-field-medium\" name=\"wpforms[fields][14]\" ><\/textarea><\/div><\/div><!-- .wpforms-field-container --><div class=\"wpforms-submit-container\" ><input type=\"hidden\" name=\"wpforms[id]\" value=\"3455\"><input type=\"hidden\" name=\"page_title\" value=\"\"><input type=\"hidden\" name=\"page_url\" value=\"https:\/\/www.paroisse-fribourg.ch\/de\/wp-json\/wp\/v2\/pages\/3451\"><button type=\"submit\" name=\"wpforms[submit]\" id=\"wpforms-submit-3455\" class=\"wpforms-submit\" data-alt-text=\"Senden...\" data-submit-text=\"Senden\" aria-live=\"assertive\" value=\"wpforms-submit\">Senden<\/button><img loading=\"lazy\" decoding=\"async\" src=\"https:\/\/www.paroisse-fribourg.ch\/wp-content\/plugins\/wpforms\/assets\/images\/submit-spin.svg\" class=\"wpforms-submit-spinner\" style=\"display: none;\" width=\"26\" height=\"26\" alt=\"Wird geladen\"><\/div><\/form><\/div>  <!-- .wpforms-container -->[\/vc_column_inner][vc_column_inner width=&#8220;4\/12&#8243;][\/vc_column_inner][\/vc_row_inner][\/vc_column][\/vc_row]<\/p>\n<\/div>","protected":false},"excerpt":{"rendered":"<p>[vc_row el_class=&#8220;top-0&#8243;][vc_column][vc_row_inner][vc_column_inner width=&#8220;2\/3&#8243;][vc_column_text] Taufe M\u00f6chten Sie Ihr Kind taufen lassen? M\u00f6chten Sie selbst die Taufe empfangen? M\u00f6chten Sie f\u00fcr Ihr Kind eine Segensfeier?[\/vc_column_text][\/vc_column_inner][vc_column_inner width=&#8220;1\/3&#8243;][\/vc_column_inner][\/vc_row_inner][\/vc_column][\/vc_row][vc_row full_width=&#8220;stretch_row&#8220; el_class=&#8220;image top-0&#8243; css=&#8220;.vc_custom_1668777960908{background-image: url(http:\/\/www.paroisse-fribourg.ch\/wp-content\/uploads\/7647084_m.jpg?id=3234) !important;}&#8220;][vc_column][\/vc_column][\/vc_row][vc_row][vc_column][vc_row_inner][vc_column_inner][vc_column_text css=&#8220;&#8220;]Das Wort Taufe kommt vom Griechischen \u00abbapt\u00edzein\u00bb, was so viel wie \u00abuntertauchen\u00bb bedeutet. In der ersten germanischen Bibel\u00fcbersetzung, der gotischen Bibel von Wulfila aus dem [&hellip;]<\/p>\n","protected":false},"author":5,"featured_media":0,"parent":3439,"menu_order":3,"comment_status":"closed","ping_status":"closed","template":"","meta":{"_acf_changed":false,"footnotes":""},"class_list":["post-3451","page","type-page","status-publish","hentry"],"acf":[],"yoast_head":"<!-- This site is optimized with the Yoast SEO plugin v24.3 - https:\/\/yoast.com\/wordpress\/plugins\/seo\/ -->\n<title>Taufe | Die reformierte Kirchgemeinde von Freiburg<\/title>\n<meta name=\"description\" content=\"M\u00f6chten Sie Ihr Kind taufen lassen? M\u00f6chten Sie selbst die Taufe empfangen? M\u00f6chten Sie f\u00fcr Ihr Kind eine Segensfeier?\" \/>\n<meta name=\"robots\" content=\"index, follow, max-snippet:-1, max-image-preview:large, max-video-preview:-1\" \/>\n<link rel=\"canonical\" href=\"https:\/\/www.paroisse-fribourg.ch\/de\/im-lauf-des-lebens\/taufe\/\" \/>\n<meta property=\"og:locale\" content=\"de_DE\" \/>\n<meta property=\"og:type\" content=\"article\" \/>\n<meta property=\"og:title\" content=\"Taufe | Die reformierte Kirchgemeinde von Freiburg\" \/>\n<meta property=\"og:description\" content=\"M\u00f6chten Sie Ihr Kind taufen lassen? M\u00f6chten Sie selbst die Taufe empfangen? M\u00f6chten Sie f\u00fcr Ihr Kind eine Segensfeier?\" \/>\n<meta property=\"og:url\" content=\"https:\/\/www.paroisse-fribourg.ch\/de\/im-lauf-des-lebens\/taufe\/\" \/>\n<meta property=\"og:site_name\" content=\"Die reformierte Kirchgemeinde von Freiburg\" \/>\n<meta property=\"article:modified_time\" content=\"2025-09-12T08:14:31+00:00\" \/>\n<meta name=\"twitter:card\" content=\"summary_large_image\" \/>\n<meta name=\"twitter:label1\" content=\"Gesch\u00e4tzte Lesezeit\" \/>\n\t<meta name=\"twitter:data1\" content=\"1\u00a0Minute\" \/>\n<script type=\"application\/ld+json\" class=\"yoast-schema-graph\">{\"@context\":\"https:\/\/schema.org\",\"@graph\":[{\"@type\":\"WebPage\",\"@id\":\"https:\/\/www.paroisse-fribourg.ch\/de\/im-lauf-des-lebens\/taufe\/\",\"url\":\"https:\/\/www.paroisse-fribourg.ch\/de\/im-lauf-des-lebens\/taufe\/\",\"name\":\"Taufe | Die reformierte Kirchgemeinde von Freiburg\",\"isPartOf\":{\"@id\":\"https:\/\/www.paroisse-fribourg.ch\/#website\"},\"datePublished\":\"2022-06-10T08:20:46+00:00\",\"dateModified\":\"2025-09-12T08:14:31+00:00\",\"description\":\"M\u00f6chten Sie Ihr Kind taufen lassen? M\u00f6chten Sie selbst die Taufe empfangen? M\u00f6chten Sie f\u00fcr Ihr Kind eine Segensfeier?\",\"breadcrumb\":{\"@id\":\"https:\/\/www.paroisse-fribourg.ch\/de\/im-lauf-des-lebens\/taufe\/#breadcrumb\"},\"inLanguage\":\"de\",\"potentialAction\":[{\"@type\":\"ReadAction\",\"target\":[\"https:\/\/www.paroisse-fribourg.ch\/de\/im-lauf-des-lebens\/taufe\/\"]}]},{\"@type\":\"BreadcrumbList\",\"@id\":\"https:\/\/www.paroisse-fribourg.ch\/de\/im-lauf-des-lebens\/taufe\/#breadcrumb\",\"itemListElement\":[{\"@type\":\"ListItem\",\"position\":1,\"name\":\"Home\",\"item\":\"https:\/\/www.paroisse-fribourg.ch\/de\/3437\/\"},{\"@type\":\"ListItem\",\"position\":2,\"name\":\"Im Lauf des Lebens\",\"item\":\"https:\/\/www.paroisse-fribourg.ch\/de\/im-lauf-des-lebens\/\"},{\"@type\":\"ListItem\",\"position\":3,\"name\":\"Taufe\"}]},{\"@type\":\"WebSite\",\"@id\":\"https:\/\/www.paroisse-fribourg.ch\/#website\",\"url\":\"https:\/\/www.paroisse-fribourg.ch\/\",\"name\":\"Die reformierte Kirchgemeinde von Freiburg\",\"description\":\"\",\"potentialAction\":[{\"@type\":\"SearchAction\",\"target\":{\"@type\":\"EntryPoint\",\"urlTemplate\":\"https:\/\/www.paroisse-fribourg.ch\/?s={search_term_string}\"},\"query-input\":{\"@type\":\"PropertyValueSpecification\",\"valueRequired\":true,\"valueName\":\"search_term_string\"}}],\"inLanguage\":\"de\"}]}<\/script>\n<!-- \/ Yoast SEO plugin. -->","yoast_head_json":{"title":"Taufe | Die reformierte Kirchgemeinde von Freiburg","description":"M\u00f6chten Sie Ihr Kind taufen lassen? M\u00f6chten Sie selbst die Taufe empfangen? M\u00f6chten Sie f\u00fcr Ihr Kind eine Segensfeier?","robots":{"index":"index","follow":"follow","max-snippet":"max-snippet:-1","max-image-preview":"max-image-preview:large","max-video-preview":"max-video-preview:-1"},"canonical":"https:\/\/www.paroisse-fribourg.ch\/de\/im-lauf-des-lebens\/taufe\/","og_locale":"de_DE","og_type":"article","og_title":"Taufe | Die reformierte Kirchgemeinde von Freiburg","og_description":"M\u00f6chten Sie Ihr Kind taufen lassen? M\u00f6chten Sie selbst die Taufe empfangen? M\u00f6chten Sie f\u00fcr Ihr Kind eine Segensfeier?","og_url":"https:\/\/www.paroisse-fribourg.ch\/de\/im-lauf-des-lebens\/taufe\/","og_site_name":"Die reformierte Kirchgemeinde von Freiburg","article_modified_time":"2025-09-12T08:14:31+00:00","twitter_card":"summary_large_image","twitter_misc":{"Gesch\u00e4tzte Lesezeit":"1\u00a0Minute"},"schema":{"@context":"https:\/\/schema.org","@graph":[{"@type":"WebPage","@id":"https:\/\/www.paroisse-fribourg.ch\/de\/im-lauf-des-lebens\/taufe\/","url":"https:\/\/www.paroisse-fribourg.ch\/de\/im-lauf-des-lebens\/taufe\/","name":"Taufe | Die reformierte Kirchgemeinde von Freiburg","isPartOf":{"@id":"https:\/\/www.paroisse-fribourg.ch\/#website"},"datePublished":"2022-06-10T08:20:46+00:00","dateModified":"2025-09-12T08:14:31+00:00","description":"M\u00f6chten Sie Ihr Kind taufen lassen? M\u00f6chten Sie selbst die Taufe empfangen? M\u00f6chten Sie f\u00fcr Ihr Kind eine Segensfeier?","breadcrumb":{"@id":"https:\/\/www.paroisse-fribourg.ch\/de\/im-lauf-des-lebens\/taufe\/#breadcrumb"},"inLanguage":"de","potentialAction":[{"@type":"ReadAction","target":["https:\/\/www.paroisse-fribourg.ch\/de\/im-lauf-des-lebens\/taufe\/"]}]},{"@type":"BreadcrumbList","@id":"https:\/\/www.paroisse-fribourg.ch\/de\/im-lauf-des-lebens\/taufe\/#breadcrumb","itemListElement":[{"@type":"ListItem","position":1,"name":"Home","item":"https:\/\/www.paroisse-fribourg.ch\/de\/3437\/"},{"@type":"ListItem","position":2,"name":"Im Lauf des Lebens","item":"https:\/\/www.paroisse-fribourg.ch\/de\/im-lauf-des-lebens\/"},{"@type":"ListItem","position":3,"name":"Taufe"}]},{"@type":"WebSite","@id":"https:\/\/www.paroisse-fribourg.ch\/#website","url":"https:\/\/www.paroisse-fribourg.ch\/","name":"Die reformierte Kirchgemeinde von Freiburg","description":"","potentialAction":[{"@type":"SearchAction","target":{"@type":"EntryPoint","urlTemplate":"https:\/\/www.paroisse-fribourg.ch\/?s={search_term_string}"},"query-input":{"@type":"PropertyValueSpecification","valueRequired":true,"valueName":"search_term_string"}}],"inLanguage":"de"}]}},"_links":{"self":[{"href":"https:\/\/www.paroisse-fribourg.ch\/de\/wp-json\/wp\/v2\/pages\/3451","targetHints":{"allow":["GET"]}}],"collection":[{"href":"https:\/\/www.paroisse-fribourg.ch\/de\/wp-json\/wp\/v2\/pages"}],"about":[{"href":"https:\/\/www.paroisse-fribourg.ch\/de\/wp-json\/wp\/v2\/types\/page"}],"author":[{"embeddable":true,"href":"https:\/\/www.paroisse-fribourg.ch\/de\/wp-json\/wp\/v2\/users\/5"}],"replies":[{"embeddable":true,"href":"https:\/\/www.paroisse-fribourg.ch\/de\/wp-json\/wp\/v2\/comments?post=3451"}],"version-history":[{"count":8,"href":"https:\/\/www.paroisse-fribourg.ch\/de\/wp-json\/wp\/v2\/pages\/3451\/revisions"}],"predecessor-version":[{"id":5967,"href":"https:\/\/www.paroisse-fribourg.ch\/de\/wp-json\/wp\/v2\/pages\/3451\/revisions\/5967"}],"up":[{"embeddable":true,"href":"https:\/\/www.paroisse-fribourg.ch\/de\/wp-json\/wp\/v2\/pages\/3439"}],"wp:attachment":[{"href":"https:\/\/www.paroisse-fribourg.ch\/de\/wp-json\/wp\/v2\/media?parent=3451"}],"curies":[{"name":"wp","href":"https:\/\/api.w.org\/{rel}","templated":true}]}}