{"id":3443,"date":"2022-10-20T14:04:57","date_gmt":"2022-10-20T12:04:57","guid":{"rendered":"http:\/\/www.paroisse-fribourg.ch\/im-lauf-des-lebens\/accompagnement\/"},"modified":"2026-03-20T09:02:46","modified_gmt":"2026-03-20T07:02:46","slug":"begleitung","status":"publish","type":"page","link":"https:\/\/www.paroisse-fribourg.ch\/de\/im-lauf-des-lebens\/begleitung\/","title":{"rendered":"Begleitung"},"content":{"rendered":"<div class=\"wpb-content-wrapper\"><p>[vc_row el_class=&#8220;top-0&#8243;][vc_column][vc_row_inner][vc_column_inner width=&#8220;2\/3&#8243;][vc_column_text]<\/p>\n<h1>Begleitung<\/h1>\n<p>Auf steinigen oder ebenen Pfaden des Lebens aufmerksames Zuh\u00f6ren erfahren.[\/vc_column_text][\/vc_column_inner][vc_column_inner width=&#8220;1\/3&#8243;][\/vc_column_inner][\/vc_row_inner][\/vc_column][\/vc_row][vc_row full_width=&#8220;stretch_row&#8220; el_class=&#8220;top-0 image&#8220; css=&#8220;.vc_custom_1668777924975{background-image: url(http:\/\/www.paroisse-fribourg.ch\/wp-content\/uploads\/1_Love-2.jpg?id=3231) !important;}&#8220;][vc_column][\/vc_column][\/vc_row][vc_row][vc_column][vc_row_inner][vc_column_inner width=&#8220;1\/3&#8243;][vc_column_text]<\/p>\n<h2>Pers\u00f6nliche Begegnung<\/h2>\n<p>[\/vc_column_text][\/vc_column_inner][vc_column_inner width=&#8220;2\/3&#8243;][vc_column_text]Die Pfarrpersonen der reformierten Kirchgemeinde sind bem\u00fcht, aufmerksame Zuh\u00f6rer und f\u00fcrsorgliche Gespr\u00e4chspartner zu sein. Sie k\u00f6nnen sie jederzeit um einen Besuch bitten, der bei Ihnen zu Hause oder in einem der Kirchgemeinder\u00e4ume stattfinden kann. Die Gespr\u00e4che sind selbstverst\u00e4ndlich vertraulich.[\/vc_column_text][\/vc_column_inner][\/vc_row_inner][\/vc_column][\/vc_row][vc_row][vc_column][vc_row_inner][vc_column_inner width=&#8220;1\/3&#8243;][vc_column_text]<\/p>\n<h2>Heime<\/h2>\n<p>[\/vc_column_text][\/vc_column_inner][vc_column_inner width=&#8220;2\/3&#8243;][vc_column_text css=&#8220;&#8220;]Jedem Heim des Saane-Bezirks ist eine Pfarrperson zugeteilt, die Besuche und weitere Veranstaltungen und\/oder Gottesdienste organisiert. Sie kann auch innerhalb kurzer Zeit auf Bitten um einen Besuch eingehen.<\/p>\n<p>&nbsp;<\/p>\n<p><strong>Im Moment gelten folgende Zust\u00e4ndigkeiten:<\/strong><\/p>\n<p>R\u00e9sidence des Epinettes (Marly)<br \/>\nHome m\u00e9dicalis\u00e9 du Gibloux (Gibloux)<br \/>\nR\u00e9sidence des Martinets (Villars-sur-Gl\u00e2ne)<\/p>\n<p><a href=\"http:\/\/www.paroisse-fribourg.ch\/contacts\/pasteur-e-s\/\"><strong>Pfarrerin Noriane Rapin<\/strong><\/a><\/p>\n<p>&nbsp;<\/p>\n<p>R\u00e9sidence St-Martin (Cottens)<br \/>\nR\u00e9sidence Le Manoir ( Givisiez)<br \/>\nR\u00e9sidence Les Bonnesfontaines (Fribourg)<br \/>\nHome m\u00e9dicalis\u00e9 Providence (Fribourg)<br \/>\nFoyer les Peupliers ( Le Mouret)<br \/>\nR\u00e9sidence des Ch\u00eanes (Fribourg)<\/p>\n<p><a href=\"http:\/\/www.paroisse-fribourg.ch\/contacts\/pasteur-e-s\/\"><strong>Pfarrer Daniel Bolliger<\/strong><\/a><\/p>\n<p>&nbsp;<\/p>\n<p>Rose d\u2019automne (Villars-sur-Gl\u00e2ne)<br \/>\nHome m\u00e9dicalis\u00e9 de la Sarine (Villars-sur-Gl\u00e2ne)<br \/>\nFondation de la Villa Beau-Site (Freiburg)<br \/>\nLes Feuillettes (Freiburg)<br \/>\nLes M\u00e9sanges (Freiburg)<\/p>\n<p><a href=\"http:\/\/www.paroisse-fribourg.ch\/contacts\/pasteur-e-s\/\"><strong> Pfarrer Andreas R\u00fcttner<\/strong><\/a>[\/vc_column_text][\/vc_column_inner][\/vc_row_inner][\/vc_column][\/vc_row][vc_row][vc_column][vc_row_inner][vc_column_inner width=&#8220;1\/3&#8243;][vc_column_text]<\/p>\n<h2>Spitalseelsorge am Freiburger Kantonsspital (HFR)<\/h2>\n<p>[\/vc_column_text][\/vc_column_inner][vc_column_inner width=&#8220;2\/3&#8243;][vc_column_text css=&#8220;&#8220;]Der Seelsorgedienst des HFR will ein lebendiges Zeugnis des Glaubens sein. Er ist verwurzelt in der christlichen Tradition und im kulturellen und religi\u00f6sen Pluralismus unserer Gesellschaft. Offen f\u00fcr die Spiritualit\u00e4t des Patienten, seines Umfeldes und des gesamten Krankenhauspersonals, will er einen Raum bieten f\u00fcr die Begegnung und das Zuh\u00f6ren. Dabei kommen, in einer Perspektive der globalen Pflege, die vier Dimensionen des Menschen zum Tragen, n\u00e4mlich die biologische, psychologische, soziale und spirituelle (WHO Bangkok Charter, 2005).<\/p>\n<p>Die evangelisch-reformierte und die r\u00f6misch-katholische Kirchen des Kantons Freiburg haben den staatlichen Auftrag, die Seelsorge im HFR auszu\u00fcben. Ihr Engagement gr\u00fcndet auf den Worten und Taten Jesu Christi:<\/p>\n<p><em>&#8222;Ich war krank und ihr habt mich besucht&#8220; (Matth\u00e4us 25, 36). <\/em><\/p>\n<p>Im Laufe der Jahrhunderte haben Christen (ordinierte oder Laien) Krankenh\u00e4user und Pflege\u00adeinrichtungen gegr\u00fcndet. Heute sind die Seelsorgenden, unter Ber\u00fccksichtigung des s\u00e4kularen Charakters des HFR, in den Pflegeauftrag eingebunden.<\/p>\n<p>Die Seelsorgenden des HFR begleiten Patienten, deren Angeh\u00f6rige und das Krankenhauspersonal in \u00f6kumenischem Geist. Der Respekt der pers\u00f6nlichen \u00dcberzeugungen jedes Menschen, seiner Eigenheiten und seiner spirituellen und religi\u00f6sen Bed\u00fcrfnisse ist ihnen dabei wichtig. Die Seelsorgenden ber\u00fccksichtigen auch die unterschiedlichen pastoralen Praktiken der Kirchen.<\/p>\n<p>&nbsp;<\/p>\n<p><strong>Kontakt\u00a0:<\/strong><\/p>\n<ul>\n<li>HFR Kantonsspital :<br \/>\n24-Stunden-Seelsorgebereitschaft f\u00fcr das HFR, Standort Fribourg: 079 306 08 40<br \/>\n<a href=\"mailto:daniel.nagy@paroisse-fribourg.ch\">Daniel Nagy<\/a>, 076 549 14 61<\/li>\n<li>HFR Palliativmedizin (Villa St-Fran\u00e7ois):<br \/>\n24-Stunden-Seelsorgebereitschaft f\u00fcr das HFR, Standort Fribourg: 079 306 08 40<\/li>\n<li>HFR Riaz : B\u00e9atrice Perregaux Allisson &#8211; 079 486 51 63<\/li>\n<li>HFR Taffers : Daniel Nagy &#8211; 026 670 45 40<\/li>\n<li>HFR Meyriez : Andri Kober &#8211; 026 672 37 03<\/li>\n<li>R\u00e9seau Fribourgeois de sant\u00e9 mentale (RFSM) : <a href=\"https:\/\/www.rfsm.ch\/\">https:\/\/www.rfsm.ch\/<\/a><\/li>\n<\/ul>\n<p>[\/vc_column_text][\/vc_column_inner][\/vc_row_inner][\/vc_column][\/vc_row][vc_row][vc_column][vc_row_inner][vc_column_inner width=&#8220;1\/3&#8243;][vc_column_text]<\/p>\n<h2>Reformierte Seelsorge der Universit\u00e4t Freiburg<\/h2>\n<p>[\/vc_column_text][\/vc_column_inner][vc_column_inner width=&#8220;2\/3&#8243;][vc_column_text css=&#8220;&#8220;]Die reformierte Seelsorge steht der gesamten Universit\u00e4tsgemeinschaft zur Verf\u00fcgung, und zwar ohne Unterschied der Religionszugeh\u00f6rigkeit. Dabei werden alle Dimensionen derjenigen, die sich an die Seelsorge wenden, ber\u00fccksichtigt, unter voller Achtung ihrer Situation wie auch ihrer spirituellen \u00dcberzeugungen, ihrer Konfession oder Religion.<\/p>\n<p>Die reformierte Seelsorge der Universit\u00e4t Freiburg wird sowohl auf Franz\u00f6sisch als auch auf Deutsch angeboten.<\/p>\n<p>Die R\u00e4umlichkeiten befinden sich im Haus KAIROS, gegen\u00fcber dem Centre Fries in der Rue Guillaume-Techtermann 8A, wo Begegnungen und Gespr\u00e4che m\u00f6glich sind. So kann die reformierte Seelsorge als Raum zwischen der geistigen Welt der Universit\u00e4t und der geistlichen Welt der Kirche verstanden werden. Deshalb ist sie allen zug\u00e4nglich, unabh\u00e4ngig von Konfession, Religion oder spiritueller \u00dcberzeugung, ob Studierenden oder Mitarbeitenden der Universit\u00e4t.<\/p>\n<p>Lien\u00a0: <a href=\"https:\/\/www.unifr.ch\/ref\/de\/\">https:\/\/www.unifr.ch\/ref\/de\/<\/a>[\/vc_column_text][\/vc_column_inner][\/vc_row_inner][\/vc_column][\/vc_row]<\/p>\n<\/div>","protected":false},"excerpt":{"rendered":"<p>[vc_row el_class=&#8220;top-0&#8243;][vc_column][vc_row_inner][vc_column_inner width=&#8220;2\/3&#8243;][vc_column_text] Begleitung Auf steinigen oder ebenen Pfaden des Lebens aufmerksames Zuh\u00f6ren erfahren.[\/vc_column_text][\/vc_column_inner][vc_column_inner width=&#8220;1\/3&#8243;][\/vc_column_inner][\/vc_row_inner][\/vc_column][\/vc_row][vc_row full_width=&#8220;stretch_row&#8220; el_class=&#8220;top-0 image&#8220; css=&#8220;.vc_custom_1668777924975{background-image: url(http:\/\/www.paroisse-fribourg.ch\/wp-content\/uploads\/1_Love-2.jpg?id=3231) !important;}&#8220;][vc_column][\/vc_column][\/vc_row][vc_row][vc_column][vc_row_inner][vc_column_inner width=&#8220;1\/3&#8243;][vc_column_text] Pers\u00f6nliche Begegnung [\/vc_column_text][\/vc_column_inner][vc_column_inner width=&#8220;2\/3&#8243;][vc_column_text]Die Pfarrpersonen der reformierten Kirchgemeinde sind bem\u00fcht, aufmerksame Zuh\u00f6rer und f\u00fcrsorgliche Gespr\u00e4chspartner zu sein. Sie k\u00f6nnen sie jederzeit um einen Besuch bitten, der bei Ihnen zu Hause oder in einem [&hellip;]<\/p>\n","protected":false},"author":5,"featured_media":0,"parent":3439,"menu_order":1,"comment_status":"closed","ping_status":"closed","template":"","meta":{"_acf_changed":false,"footnotes":""},"class_list":["post-3443","page","type-page","status-publish","hentry"],"acf":[],"yoast_head":"<!-- This site is optimized with the Yoast SEO plugin v24.3 - https:\/\/yoast.com\/wordpress\/plugins\/seo\/ -->\n<title>Begleitung | Die reformierte Kirchgemeinde von Freiburg<\/title>\n<meta name=\"description\" content=\"Auf steinigen oder ebenen Pfaden des Lebens aufmerksames Zuh\u00f6ren erfahren.\" \/>\n<meta name=\"robots\" content=\"index, follow, max-snippet:-1, max-image-preview:large, max-video-preview:-1\" \/>\n<link rel=\"canonical\" href=\"https:\/\/www.paroisse-fribourg.ch\/de\/im-lauf-des-lebens\/begleitung\/\" \/>\n<meta property=\"og:locale\" content=\"de_DE\" \/>\n<meta property=\"og:type\" content=\"article\" \/>\n<meta property=\"og:title\" content=\"Begleitung | Die reformierte Kirchgemeinde von Freiburg\" \/>\n<meta property=\"og:description\" content=\"Auf steinigen oder ebenen Pfaden des Lebens aufmerksames Zuh\u00f6ren erfahren.\" \/>\n<meta property=\"og:url\" content=\"https:\/\/www.paroisse-fribourg.ch\/de\/im-lauf-des-lebens\/begleitung\/\" \/>\n<meta property=\"og:site_name\" content=\"Die reformierte Kirchgemeinde von Freiburg\" \/>\n<meta property=\"article:modified_time\" content=\"2026-03-20T07:02:46+00:00\" \/>\n<meta name=\"twitter:card\" content=\"summary_large_image\" \/>\n<meta name=\"twitter:label1\" content=\"Gesch\u00e4tzte Lesezeit\" \/>\n\t<meta name=\"twitter:data1\" content=\"3\u00a0Minuten\" \/>\n<script type=\"application\/ld+json\" class=\"yoast-schema-graph\">{\"@context\":\"https:\/\/schema.org\",\"@graph\":[{\"@type\":\"WebPage\",\"@id\":\"https:\/\/www.paroisse-fribourg.ch\/de\/im-lauf-des-lebens\/begleitung\/\",\"url\":\"https:\/\/www.paroisse-fribourg.ch\/de\/im-lauf-des-lebens\/begleitung\/\",\"name\":\"Begleitung | Die reformierte Kirchgemeinde von Freiburg\",\"isPartOf\":{\"@id\":\"https:\/\/www.paroisse-fribourg.ch\/#website\"},\"datePublished\":\"2022-10-20T12:04:57+00:00\",\"dateModified\":\"2026-03-20T07:02:46+00:00\",\"description\":\"Auf steinigen oder ebenen Pfaden des Lebens aufmerksames Zuh\u00f6ren erfahren.\",\"breadcrumb\":{\"@id\":\"https:\/\/www.paroisse-fribourg.ch\/de\/im-lauf-des-lebens\/begleitung\/#breadcrumb\"},\"inLanguage\":\"de\",\"potentialAction\":[{\"@type\":\"ReadAction\",\"target\":[\"https:\/\/www.paroisse-fribourg.ch\/de\/im-lauf-des-lebens\/begleitung\/\"]}]},{\"@type\":\"BreadcrumbList\",\"@id\":\"https:\/\/www.paroisse-fribourg.ch\/de\/im-lauf-des-lebens\/begleitung\/#breadcrumb\",\"itemListElement\":[{\"@type\":\"ListItem\",\"position\":1,\"name\":\"Home\",\"item\":\"https:\/\/www.paroisse-fribourg.ch\/de\/3437\/\"},{\"@type\":\"ListItem\",\"position\":2,\"name\":\"Im Lauf des Lebens\",\"item\":\"https:\/\/www.paroisse-fribourg.ch\/de\/im-lauf-des-lebens\/\"},{\"@type\":\"ListItem\",\"position\":3,\"name\":\"Begleitung\"}]},{\"@type\":\"WebSite\",\"@id\":\"https:\/\/www.paroisse-fribourg.ch\/#website\",\"url\":\"https:\/\/www.paroisse-fribourg.ch\/\",\"name\":\"Die reformierte Kirchgemeinde von Freiburg\",\"description\":\"\",\"potentialAction\":[{\"@type\":\"SearchAction\",\"target\":{\"@type\":\"EntryPoint\",\"urlTemplate\":\"https:\/\/www.paroisse-fribourg.ch\/?s={search_term_string}\"},\"query-input\":{\"@type\":\"PropertyValueSpecification\",\"valueRequired\":true,\"valueName\":\"search_term_string\"}}],\"inLanguage\":\"de\"}]}<\/script>\n<!-- \/ Yoast SEO plugin. -->","yoast_head_json":{"title":"Begleitung | Die reformierte Kirchgemeinde von Freiburg","description":"Auf steinigen oder ebenen Pfaden des Lebens aufmerksames Zuh\u00f6ren erfahren.","robots":{"index":"index","follow":"follow","max-snippet":"max-snippet:-1","max-image-preview":"max-image-preview:large","max-video-preview":"max-video-preview:-1"},"canonical":"https:\/\/www.paroisse-fribourg.ch\/de\/im-lauf-des-lebens\/begleitung\/","og_locale":"de_DE","og_type":"article","og_title":"Begleitung | Die reformierte Kirchgemeinde von Freiburg","og_description":"Auf steinigen oder ebenen Pfaden des Lebens aufmerksames Zuh\u00f6ren erfahren.","og_url":"https:\/\/www.paroisse-fribourg.ch\/de\/im-lauf-des-lebens\/begleitung\/","og_site_name":"Die reformierte Kirchgemeinde von Freiburg","article_modified_time":"2026-03-20T07:02:46+00:00","twitter_card":"summary_large_image","twitter_misc":{"Gesch\u00e4tzte Lesezeit":"3\u00a0Minuten"},"schema":{"@context":"https:\/\/schema.org","@graph":[{"@type":"WebPage","@id":"https:\/\/www.paroisse-fribourg.ch\/de\/im-lauf-des-lebens\/begleitung\/","url":"https:\/\/www.paroisse-fribourg.ch\/de\/im-lauf-des-lebens\/begleitung\/","name":"Begleitung | Die reformierte Kirchgemeinde von Freiburg","isPartOf":{"@id":"https:\/\/www.paroisse-fribourg.ch\/#website"},"datePublished":"2022-10-20T12:04:57+00:00","dateModified":"2026-03-20T07:02:46+00:00","description":"Auf steinigen oder ebenen Pfaden des Lebens aufmerksames Zuh\u00f6ren erfahren.","breadcrumb":{"@id":"https:\/\/www.paroisse-fribourg.ch\/de\/im-lauf-des-lebens\/begleitung\/#breadcrumb"},"inLanguage":"de","potentialAction":[{"@type":"ReadAction","target":["https:\/\/www.paroisse-fribourg.ch\/de\/im-lauf-des-lebens\/begleitung\/"]}]},{"@type":"BreadcrumbList","@id":"https:\/\/www.paroisse-fribourg.ch\/de\/im-lauf-des-lebens\/begleitung\/#breadcrumb","itemListElement":[{"@type":"ListItem","position":1,"name":"Home","item":"https:\/\/www.paroisse-fribourg.ch\/de\/3437\/"},{"@type":"ListItem","position":2,"name":"Im Lauf des Lebens","item":"https:\/\/www.paroisse-fribourg.ch\/de\/im-lauf-des-lebens\/"},{"@type":"ListItem","position":3,"name":"Begleitung"}]},{"@type":"WebSite","@id":"https:\/\/www.paroisse-fribourg.ch\/#website","url":"https:\/\/www.paroisse-fribourg.ch\/","name":"Die reformierte Kirchgemeinde von Freiburg","description":"","potentialAction":[{"@type":"SearchAction","target":{"@type":"EntryPoint","urlTemplate":"https:\/\/www.paroisse-fribourg.ch\/?s={search_term_string}"},"query-input":{"@type":"PropertyValueSpecification","valueRequired":true,"valueName":"search_term_string"}}],"inLanguage":"de"}]}},"_links":{"self":[{"href":"https:\/\/www.paroisse-fribourg.ch\/de\/wp-json\/wp\/v2\/pages\/3443","targetHints":{"allow":["GET"]}}],"collection":[{"href":"https:\/\/www.paroisse-fribourg.ch\/de\/wp-json\/wp\/v2\/pages"}],"about":[{"href":"https:\/\/www.paroisse-fribourg.ch\/de\/wp-json\/wp\/v2\/types\/page"}],"author":[{"embeddable":true,"href":"https:\/\/www.paroisse-fribourg.ch\/de\/wp-json\/wp\/v2\/users\/5"}],"replies":[{"embeddable":true,"href":"https:\/\/www.paroisse-fribourg.ch\/de\/wp-json\/wp\/v2\/comments?post=3443"}],"version-history":[{"count":9,"href":"https:\/\/www.paroisse-fribourg.ch\/de\/wp-json\/wp\/v2\/pages\/3443\/revisions"}],"predecessor-version":[{"id":6614,"href":"https:\/\/www.paroisse-fribourg.ch\/de\/wp-json\/wp\/v2\/pages\/3443\/revisions\/6614"}],"up":[{"embeddable":true,"href":"https:\/\/www.paroisse-fribourg.ch\/de\/wp-json\/wp\/v2\/pages\/3439"}],"wp:attachment":[{"href":"https:\/\/www.paroisse-fribourg.ch\/de\/wp-json\/wp\/v2\/media?parent=3443"}],"curies":[{"name":"wp","href":"https:\/\/api.w.org\/{rel}","templated":true}]}}