{"id":3369,"date":"2022-10-20T09:52:45","date_gmt":"2022-10-20T07:52:45","guid":{"rendered":"http:\/\/www.paroisse-fribourg.ch\/portraet\/les-oeuvres-et-institutions-rattachees-a-la-paroisse\/"},"modified":"2022-11-30T10:25:17","modified_gmt":"2022-11-30T08:25:17","slug":"werke-und-institutionen","status":"publish","type":"page","link":"https:\/\/www.paroisse-fribourg.ch\/de\/portraet\/werke-und-institutionen\/","title":{"rendered":"Werke und Institutionen"},"content":{"rendered":"<div class=\"wpb-content-wrapper\"><p>[vc_row el_class=&#8220;top-0&#8243;][vc_column][vc_row_inner][vc_column_inner width=&#8220;2\/3&#8243;][vc_column_text]<\/p>\n<h1>Die zur Kirchgemeinde geh\u00f6renden Werke und Institutionen<\/h1>\n<p>Die reformierte Kirchgemeinde entsteht im 19. Jahrhundert in einem katholischen Gebiet. Die Kirchgemeinde ist zweisprachig und sowohl st\u00e4dtisch als auch l\u00e4ndlich gepr\u00e4gt. Sie versammelt sich zum Gottesdienst an einem einzigen Ort und ist Begr\u00fcnderin von Schulen, einer Krippe und einem Spital.[\/vc_column_text][\/vc_column_inner][vc_column_inner width=&#8220;1\/3&#8243;][\/vc_column_inner][\/vc_row_inner][\/vc_column][\/vc_row][vc_row full_width=&#8220;stretch_row&#8220; el_class=&#8220;top-0 image&#8220; css=&#8220;.vc_custom_1668775960992{background-image: url(http:\/\/www.paroisse-fribourg.ch\/wp-content\/uploads\/1_Daler.jpg?id=3181) !important;}&#8220;][vc_column][\/vc_column][\/vc_row][vc_row][vc_column][vc_row_inner][vc_column_inner width=&#8220;1\/3&#8243;][vc_column_text]<\/p>\n<h2>Die besondere Beziehung der Kirchgemeinde zur Stadt<\/h2>\n<p>[\/vc_column_text][\/vc_column_inner][vc_column_inner width=&#8220;2\/3&#8243;][vc_column_text]Der Einfluss der Freiburger Protestanten tr\u00e4gt im 20. Jahrhundert auch zum Erscheinungsbild der Stadt bei. Am Ende des 19. Jahrhunderts befinden sich die traditionelle Industrie, das Handwerk und die Ladengesch\u00e4fte der Unterstadt im Niedergang. Die Heimarbeit geht zur\u00fcck. Neue Unternehmer kommen. Angezogen von den zahlreichen und g\u00fcnstigen Arbeitskr\u00e4ften durchbrechen sie den durch Arbeitslosigkeit bedingten Kreislauf der Verarmung.<\/p>\n<p>Eine Frucht der Erneuerung ist die Standseilbahn, finanziert von Paul-Alcide Blancpain (1839-1899), einem protestantischen Industriellen, der seit 1877 die Brauerei Cardinal f\u00fchrt. Dieses Transport\u00admittel wird am 4. Februar 1899 eingeweiht. Es erm\u00f6glicht den im Neustadtquartier Angestellten einen schnelleren und leichteren Aufstieg zu ihrem Arbeitsplatz. Heute ist es als historisches Monument klassifiziert, denn es ist in Europa einmalig. Als Einzige wird sie vom Gewicht des in den oberen Wagon eingef\u00fcllten Abwassers betrieben, das den unteren Wagon \u00fcber die einspurige Strecke \u00fcber die Kreuzungsstelle in der Mitte nach oben zieht.[\/vc_column_text][\/vc_column_inner][\/vc_row_inner][\/vc_column][\/vc_row][vc_row el_class=&#8220;top-0&#8243;][vc_column][vc_row_inner][vc_column_inner width=&#8220;1\/3&#8243;][vc_column_text]<\/p>\n<h2>Die freien \u00f6ffentlichen Schulen von Freiburg, Ferpicloz und Corjolens<\/h2>\n<p>[\/vc_column_text][\/vc_column_inner][vc_column_inner width=&#8220;2\/3&#8243;][vc_column_text]In Freiburg wird die Freie \u00f6ffentliche Schule (FOS) 1836 gegr\u00fcndet, in einer Zeit als die Schule noch nicht f\u00fcr alle Kinder obligatorisch ist. Sie wird 1870 vom Staat anerkannt. 1906 zieht sie in ein neues Geb\u00e4ude im Gambach-Quartier und schliesslich 1974-75 ebenfalls in die Avenue du Moleson ein. Diese Schule bleibt lange einziger m\u00f6glicher Ausbildungsort f\u00fcr deutschsprachige Sch\u00fclerinnen und Sch\u00fcler im Saanebezirk.<\/p>\n<p>Auf dem Land wird 1862 eine reformierte Schule in F\u00e9rpicloz er\u00f6ffnet, die bis 1970 betrieben wird. Eine weitere wird 1909 in Corjolens er\u00f6ffnet, die bis 1973 in Betrieb bleibt. F\u00fcr lange Zeit erm\u00f6glichen diese Schulen den reformierten Kindern der Umgebung einen vom Protestantismus gepr\u00e4gten Unterricht.[\/vc_column_text][\/vc_column_inner][\/vc_row_inner][\/vc_column][\/vc_row][vc_row el_class=&#8220;top-0&#8243;][vc_column][vc_row_inner][vc_column_inner width=&#8220;1\/3&#8243;][vc_column_text]<\/p>\n<h2>Das Jules Daler Spital<\/h2>\n<p>[\/vc_column_text][\/vc_column_inner][vc_column_inner width=&#8220;2\/3&#8243;][vc_single_image image=&#8220;3311&#8243; img_size=&#8220;large&#8220; css=&#8220;.vc_custom_1669106013515{margin-bottom: 25px !important;}&#8220;][vc_column_text]Im Oktober 1889 vermacht der Banquier Jules Daler sein Verm\u00f6gen der Reformierten Kirchgemeinde Freiburg mit der Auflage, in seinem Namen ein Spital zu errichten. Dieses kann 1917 eingeweiht werden. Das Daler Spital ist nach wie vor in Betrieb und aufgrund seiner hohen Behandlungsqualit\u00e4t ein wichtiger Faktor im freiburgischen Gesundheitssystem.[\/vc_column_text][\/vc_column_inner][\/vc_row_inner][\/vc_column][\/vc_row][vc_row el_class=&#8220;top-0&#8243;][vc_column][vc_row_inner][vc_column_inner width=&#8220;1\/3&#8243;][vc_column_text]<\/p>\n<h2>Die reformierte Krippe<\/h2>\n<p>[\/vc_column_text][\/vc_column_inner][vc_column_inner width=&#8220;2\/3&#8243;][vc_column_text]Die reformierte Krippe wird 1897 als erste solche Einrichtung im Kanton Freiburg er\u00f6ffnet. Sie betreut Kinder w\u00e4hrend sechs Wochentagen, jeweils von 6 bis 20 Uhr und manchmal sogar \u00fcber Nacht. Sie liegt in der Unterstadt im Arbeiterquartier. Sie entlastet die M\u00fctter, damit diese tags\u00fcber in der Oberstadt einer Arbeit nachgehen k\u00f6nnen. 1950 wird ein neues Geb\u00e4ude gegen\u00fcber der Standseilbahn bezogen.<\/p>\n<p>1999 wird eine Krippenstiftung gegr\u00fcndet und die Krippe kann somit unabh\u00e4ngig von der Kirchgemeinde betrieben werden. Das Geb\u00e4ude verbleibt aber im Besitz der Kirchgemeinde. Charakteristisch f\u00fcr die reformierte Krippe sind ihre gemischtaltrigen Gruppen und ihre Pflege der Zweisprachigkeit.<\/p>\n<p>Diese drei herausragenden Werke der Kirchgemeinde waren f\u00fcr ihre Zeit tatkr\u00e4ftig und initiativ. Seither werden diese Aufgaben aber mehr und mehr vom Staat \u00fcbernommen.[\/vc_column_text][\/vc_column_inner][\/vc_row_inner][\/vc_column][\/vc_row]<\/p>\n<\/div>","protected":false},"excerpt":{"rendered":"<p>[vc_row el_class=&#8220;top-0&#8243;][vc_column][vc_row_inner][vc_column_inner width=&#8220;2\/3&#8243;][vc_column_text] Die zur Kirchgemeinde geh\u00f6renden Werke und Institutionen Die reformierte Kirchgemeinde entsteht im 19. Jahrhundert in einem katholischen Gebiet. Die Kirchgemeinde ist zweisprachig und sowohl st\u00e4dtisch als auch l\u00e4ndlich gepr\u00e4gt. Sie versammelt sich zum Gottesdienst an einem einzigen Ort und ist Begr\u00fcnderin von Schulen, einer Krippe und einem Spital.[\/vc_column_text][\/vc_column_inner][vc_column_inner width=&#8220;1\/3&#8243;][\/vc_column_inner][\/vc_row_inner][\/vc_column][\/vc_row][vc_row full_width=&#8220;stretch_row&#8220; el_class=&#8220;top-0 image&#8220; [&hellip;]<\/p>\n","protected":false},"author":5,"featured_media":0,"parent":3347,"menu_order":12,"comment_status":"closed","ping_status":"closed","template":"","meta":{"_acf_changed":false,"footnotes":""},"class_list":["post-3369","page","type-page","status-publish","hentry"],"acf":[],"yoast_head":"<!-- This site is optimized with the Yoast SEO plugin v24.3 - https:\/\/yoast.com\/wordpress\/plugins\/seo\/ -->\n<title>Werke und Institutionen | Die reformierte Kirchgemeinde von Freiburg<\/title>\n<meta name=\"description\" content=\"Die reformierte Kirchgemeinde entsteht im 19. Jahrhundert in einem katholischen Gebiet. Die Kirchgemeinde ist zweisprachig und sowohl st\u00e4dtisch als auch l\u00e4ndlich gepr\u00e4gt. Sie versammelt sich zum Gottesdienst an einem einzigen Ort und ist Begr\u00fcnderin von Schulen, einer Krippe und einem Spital.\" \/>\n<meta name=\"robots\" content=\"index, follow, max-snippet:-1, max-image-preview:large, max-video-preview:-1\" \/>\n<link rel=\"canonical\" href=\"https:\/\/www.paroisse-fribourg.ch\/de\/portraet\/werke-und-institutionen\/\" \/>\n<meta property=\"og:locale\" content=\"de_DE\" \/>\n<meta property=\"og:type\" content=\"article\" \/>\n<meta property=\"og:title\" content=\"Werke und Institutionen | Die reformierte Kirchgemeinde von Freiburg\" \/>\n<meta property=\"og:description\" content=\"Die reformierte Kirchgemeinde entsteht im 19. Jahrhundert in einem katholischen Gebiet. Die Kirchgemeinde ist zweisprachig und sowohl st\u00e4dtisch als auch l\u00e4ndlich gepr\u00e4gt. Sie versammelt sich zum Gottesdienst an einem einzigen Ort und ist Begr\u00fcnderin von Schulen, einer Krippe und einem Spital.\" \/>\n<meta property=\"og:url\" content=\"https:\/\/www.paroisse-fribourg.ch\/de\/portraet\/werke-und-institutionen\/\" \/>\n<meta property=\"og:site_name\" content=\"Die reformierte Kirchgemeinde von Freiburg\" \/>\n<meta property=\"article:modified_time\" content=\"2022-11-30T08:25:17+00:00\" \/>\n<meta name=\"twitter:card\" content=\"summary_large_image\" \/>\n<meta name=\"twitter:label1\" content=\"Gesch\u00e4tzte Lesezeit\" \/>\n\t<meta name=\"twitter:data1\" content=\"3\u00a0Minuten\" \/>\n<script type=\"application\/ld+json\" class=\"yoast-schema-graph\">{\"@context\":\"https:\/\/schema.org\",\"@graph\":[{\"@type\":\"WebPage\",\"@id\":\"https:\/\/www.paroisse-fribourg.ch\/de\/portraet\/werke-und-institutionen\/\",\"url\":\"https:\/\/www.paroisse-fribourg.ch\/de\/portraet\/werke-und-institutionen\/\",\"name\":\"Werke und Institutionen | Die reformierte Kirchgemeinde von Freiburg\",\"isPartOf\":{\"@id\":\"https:\/\/www.paroisse-fribourg.ch\/#website\"},\"datePublished\":\"2022-10-20T07:52:45+00:00\",\"dateModified\":\"2022-11-30T08:25:17+00:00\",\"description\":\"Die reformierte Kirchgemeinde entsteht im 19. Jahrhundert in einem katholischen Gebiet. Die Kirchgemeinde ist zweisprachig und sowohl st\u00e4dtisch als auch l\u00e4ndlich gepr\u00e4gt. Sie versammelt sich zum Gottesdienst an einem einzigen Ort und ist Begr\u00fcnderin von Schulen, einer Krippe und einem Spital.\",\"breadcrumb\":{\"@id\":\"https:\/\/www.paroisse-fribourg.ch\/de\/portraet\/werke-und-institutionen\/#breadcrumb\"},\"inLanguage\":\"de\",\"potentialAction\":[{\"@type\":\"ReadAction\",\"target\":[\"https:\/\/www.paroisse-fribourg.ch\/de\/portraet\/werke-und-institutionen\/\"]}]},{\"@type\":\"BreadcrumbList\",\"@id\":\"https:\/\/www.paroisse-fribourg.ch\/de\/portraet\/werke-und-institutionen\/#breadcrumb\",\"itemListElement\":[{\"@type\":\"ListItem\",\"position\":1,\"name\":\"Home\",\"item\":\"https:\/\/www.paroisse-fribourg.ch\/de\/3437\/\"},{\"@type\":\"ListItem\",\"position\":2,\"name\":\"Portr\u00e4t\",\"item\":\"https:\/\/www.paroisse-fribourg.ch\/de\/portraet\/\"},{\"@type\":\"ListItem\",\"position\":3,\"name\":\"Werke und Institutionen\"}]},{\"@type\":\"WebSite\",\"@id\":\"https:\/\/www.paroisse-fribourg.ch\/#website\",\"url\":\"https:\/\/www.paroisse-fribourg.ch\/\",\"name\":\"Die reformierte Kirchgemeinde von Freiburg\",\"description\":\"\",\"potentialAction\":[{\"@type\":\"SearchAction\",\"target\":{\"@type\":\"EntryPoint\",\"urlTemplate\":\"https:\/\/www.paroisse-fribourg.ch\/?s={search_term_string}\"},\"query-input\":{\"@type\":\"PropertyValueSpecification\",\"valueRequired\":true,\"valueName\":\"search_term_string\"}}],\"inLanguage\":\"de\"}]}<\/script>\n<!-- \/ Yoast SEO plugin. -->","yoast_head_json":{"title":"Werke und Institutionen | Die reformierte Kirchgemeinde von Freiburg","description":"Die reformierte Kirchgemeinde entsteht im 19. Jahrhundert in einem katholischen Gebiet. Die Kirchgemeinde ist zweisprachig und sowohl st\u00e4dtisch als auch l\u00e4ndlich gepr\u00e4gt. Sie versammelt sich zum Gottesdienst an einem einzigen Ort und ist Begr\u00fcnderin von Schulen, einer Krippe und einem Spital.","robots":{"index":"index","follow":"follow","max-snippet":"max-snippet:-1","max-image-preview":"max-image-preview:large","max-video-preview":"max-video-preview:-1"},"canonical":"https:\/\/www.paroisse-fribourg.ch\/de\/portraet\/werke-und-institutionen\/","og_locale":"de_DE","og_type":"article","og_title":"Werke und Institutionen | Die reformierte Kirchgemeinde von Freiburg","og_description":"Die reformierte Kirchgemeinde entsteht im 19. Jahrhundert in einem katholischen Gebiet. Die Kirchgemeinde ist zweisprachig und sowohl st\u00e4dtisch als auch l\u00e4ndlich gepr\u00e4gt. Sie versammelt sich zum Gottesdienst an einem einzigen Ort und ist Begr\u00fcnderin von Schulen, einer Krippe und einem Spital.","og_url":"https:\/\/www.paroisse-fribourg.ch\/de\/portraet\/werke-und-institutionen\/","og_site_name":"Die reformierte Kirchgemeinde von Freiburg","article_modified_time":"2022-11-30T08:25:17+00:00","twitter_card":"summary_large_image","twitter_misc":{"Gesch\u00e4tzte Lesezeit":"3\u00a0Minuten"},"schema":{"@context":"https:\/\/schema.org","@graph":[{"@type":"WebPage","@id":"https:\/\/www.paroisse-fribourg.ch\/de\/portraet\/werke-und-institutionen\/","url":"https:\/\/www.paroisse-fribourg.ch\/de\/portraet\/werke-und-institutionen\/","name":"Werke und Institutionen | Die reformierte Kirchgemeinde von Freiburg","isPartOf":{"@id":"https:\/\/www.paroisse-fribourg.ch\/#website"},"datePublished":"2022-10-20T07:52:45+00:00","dateModified":"2022-11-30T08:25:17+00:00","description":"Die reformierte Kirchgemeinde entsteht im 19. Jahrhundert in einem katholischen Gebiet. Die Kirchgemeinde ist zweisprachig und sowohl st\u00e4dtisch als auch l\u00e4ndlich gepr\u00e4gt. Sie versammelt sich zum Gottesdienst an einem einzigen Ort und ist Begr\u00fcnderin von Schulen, einer Krippe und einem Spital.","breadcrumb":{"@id":"https:\/\/www.paroisse-fribourg.ch\/de\/portraet\/werke-und-institutionen\/#breadcrumb"},"inLanguage":"de","potentialAction":[{"@type":"ReadAction","target":["https:\/\/www.paroisse-fribourg.ch\/de\/portraet\/werke-und-institutionen\/"]}]},{"@type":"BreadcrumbList","@id":"https:\/\/www.paroisse-fribourg.ch\/de\/portraet\/werke-und-institutionen\/#breadcrumb","itemListElement":[{"@type":"ListItem","position":1,"name":"Home","item":"https:\/\/www.paroisse-fribourg.ch\/de\/3437\/"},{"@type":"ListItem","position":2,"name":"Portr\u00e4t","item":"https:\/\/www.paroisse-fribourg.ch\/de\/portraet\/"},{"@type":"ListItem","position":3,"name":"Werke und Institutionen"}]},{"@type":"WebSite","@id":"https:\/\/www.paroisse-fribourg.ch\/#website","url":"https:\/\/www.paroisse-fribourg.ch\/","name":"Die reformierte Kirchgemeinde von Freiburg","description":"","potentialAction":[{"@type":"SearchAction","target":{"@type":"EntryPoint","urlTemplate":"https:\/\/www.paroisse-fribourg.ch\/?s={search_term_string}"},"query-input":{"@type":"PropertyValueSpecification","valueRequired":true,"valueName":"search_term_string"}}],"inLanguage":"de"}]}},"_links":{"self":[{"href":"https:\/\/www.paroisse-fribourg.ch\/de\/wp-json\/wp\/v2\/pages\/3369","targetHints":{"allow":["GET"]}}],"collection":[{"href":"https:\/\/www.paroisse-fribourg.ch\/de\/wp-json\/wp\/v2\/pages"}],"about":[{"href":"https:\/\/www.paroisse-fribourg.ch\/de\/wp-json\/wp\/v2\/types\/page"}],"author":[{"embeddable":true,"href":"https:\/\/www.paroisse-fribourg.ch\/de\/wp-json\/wp\/v2\/users\/5"}],"replies":[{"embeddable":true,"href":"https:\/\/www.paroisse-fribourg.ch\/de\/wp-json\/wp\/v2\/comments?post=3369"}],"version-history":[{"count":2,"href":"https:\/\/www.paroisse-fribourg.ch\/de\/wp-json\/wp\/v2\/pages\/3369\/revisions"}],"predecessor-version":[{"id":3371,"href":"https:\/\/www.paroisse-fribourg.ch\/de\/wp-json\/wp\/v2\/pages\/3369\/revisions\/3371"}],"up":[{"embeddable":true,"href":"https:\/\/www.paroisse-fribourg.ch\/de\/wp-json\/wp\/v2\/pages\/3347"}],"wp:attachment":[{"href":"https:\/\/www.paroisse-fribourg.ch\/de\/wp-json\/wp\/v2\/media?parent=3369"}],"curies":[{"name":"wp","href":"https:\/\/api.w.org\/{rel}","templated":true}]}}