{"id":3365,"date":"2022-06-09T14:45:44","date_gmt":"2022-06-09T12:45:44","guid":{"rendered":"http:\/\/www.paroisse-fribourg.ch\/portraet\/lieu-de-culte\/"},"modified":"2022-11-30T10:24:14","modified_gmt":"2022-11-30T08:24:14","slug":"ort-des-gottesdienstes","status":"publish","type":"page","link":"https:\/\/www.paroisse-fribourg.ch\/de\/portraet\/ort-des-gottesdienstes\/","title":{"rendered":"Ort des Gottesdienstes"},"content":{"rendered":"<div class=\"wpb-content-wrapper\"><p>[vc_row el_class=&#8220;top-0&#8243;][vc_column][vc_row_inner][vc_column_inner width=&#8220;2\/3&#8243;][vc_column_text]<\/p>\n<h1>Ort des Gottesdienstes<\/h1>\n<p>Die reformierte Kirchgemeinde entsteht im 19. Jahrhundert in einem katholischen Gebiet. Die Kirchgemeinde ist zweisprachig und sowohl st\u00e4dtisch als auch l\u00e4ndlich gepr\u00e4gt. Sie versammelt sich zum Gottesdienst an einem einzigen Ort und ist Begr\u00fcnderin von Schulen, einer Krippe und einem Spital.[\/vc_column_text][\/vc_column_inner][vc_column_inner width=&#8220;1\/3&#8243;][\/vc_column_inner][\/vc_row_inner][\/vc_column][\/vc_row][vc_row full_width=&#8220;stretch_row&#8220; el_class=&#8220;top-0 image&#8220; css=&#8220;.vc_custom_1669105742316{background-image: url(http:\/\/www.paroisse-fribourg.ch\/wp-content\/uploads\/bandeau_lieu_culte.jpg?id=3058) !important;}&#8220;][vc_column][\/vc_column][\/vc_row][vc_row][vc_column][vc_row_inner][vc_column_inner width=&#8220;1\/3&#8243;][vc_column_text]<\/p>\n<h2>Reformierte Kirche<\/h2>\n<p>[\/vc_column_text][\/vc_column_inner][vc_column_inner width=&#8220;2\/3&#8243;][vc_column_text]Die erste reformierte Kirche wird 1837 in einem ehemaligen Pferdestall an der Murtengasse eingeweiht. In 25 Jahren vervielfacht sich die Gemeinschaft und sucht einen Standort f\u00fcr eine gr\u00f6ssere Kirche. Die Wahl f\u00e4llt auf eine Parzelle zwischen der Eisenbahn und der Strasse nach Bulle, vor dem Romont-Tor, zu F\u00fcssen der alten Befestigungsanlagen. Dieses Bauvorhaben wird Teil eines grossen Stadtentwicklungs-Projekts, das die zuk\u00fcnftigen Quartiere um den Bahnhof und um die Kirche Saint-Pierre beinhaltet.<\/p>\n<p>Die Kirche wird in reformierter Schlichtheit gehalten, ohne S\u00e4ulen im einschiffigen Bau, mit der Kanzel im Zentrum der R\u00fcckwand. Allein die Verk\u00fcndigung Gottes Wort steht im Vordergrund. Die Akustik ist gut, auch dank der gerundeten Kassetten-Decke. In der n\u00e4heren Umgebung befinden sich die Gem\u00fcseg\u00e4rten des B\u00fcrgerspitals sowie die Eisenbahn. Das Geb\u00e4ude wird am 1. November 1875, an Allerheiligen, eingeweiht.<\/p>\n<p>1937 wird die Kirche renoviert und die Kanzel nach links verlegt, um in der Mitte einen neuen Abendmahlstisch aus Sandstein platzieren zu k\u00f6nnen. Auf der gleichen Achse rechts davon wird das Holzkreuz errichtet. Eine neue Orgel, eine Restaurierung der Aussenseite und eine Neugestaltung des Untergeschosses vollenden diese Arbeiten.<\/p>\n<p>Eine weitere Renovation des Innenraums erfolgt zwischen 1968 und 1973. Im Jahr 1978 kommen die Glasmalereien des K\u00fcnstlers Hermann Alfred Sigg hinzu. 1994 wird das heutige Kirchgemeinde\u00adzentrum im Untergeschoss der Kirche, aber ebenerdig zur Romontgasse, die zur Fussg\u00e4ngerzone geworden ist, er\u00f6ffnet. Die letzte Gesamtrenovation der Kirche wird 2011 in Angriff genommen und 175 Jahre nach dem ersten reformierten Gottesdienst in Freiburg, am Pfingstsonntag 12. Juni offiziell eingeweiht.[\/vc_column_text][\/vc_column_inner][\/vc_row_inner][\/vc_column][\/vc_row][vc_row el_class=&#8220;top-0&#8243;][vc_column][vc_images_carousel images=&#8220;3016,3018,3020,3022&#8243; img_size=&#8220;full&#8220; onclick=&#8220;link_no&#8220; autoplay=&#8220;yes&#8220; wrap=&#8220;yes&#8220;][\/vc_column][\/vc_row][vc_row el_class=&#8220;top-0&#8243;][vc_column][vc_row_inner][vc_column_inner width=&#8220;1\/3&#8243;][vc_column_text]<\/p>\n<h2><strong>Die Glasmalereien<\/strong><\/h2>\n<p>[\/vc_column_text][\/vc_column_inner][vc_column_inner width=&#8220;2\/3&#8243;][vc_column_text]1977 wird vom Kirchgemeinderat ein Wettbewerb f\u00fcr die Gestaltung von Glasmalereien f\u00fcr die acht Fenster der Kirche ausgeschrieben. Der Z\u00fcrcher K\u00fcnstler H. A. Sigg erh\u00e4lt den Zuschlag, und die Fenster k\u00f6nnen am 2. Juli 1978 eingeweiht werden. Zwei Vorgaben werden vom Kirchgemeinderat f\u00fcr die Ausf\u00fchrung gestellt. \u00a0Die Darstellung soll inspiriert sein vom Text \u00fcber den Ursprung der Kirche aber nicht figurativ.<\/p>\n<p><em>Apostelgeschichte, Kapitel 2, Verse 42-47<\/em><\/p>\n<p><em>42 Sie alle widmeten sich eifrig dem, was f\u00fcr sie als Gemeinde wichtig war: Sie lie\u00dfen sich von den Aposteln unterweisen, sie hielten in gegenseitiger Liebe zusammen, sie feierten das Mahl des Herrn, und sie beteten gemeinsam. 43 Alle Menschen in Jerusalem wurden von ehrf\u00fcrchtiger Scheu ergriffen; denn Gott lie\u00df durch die Apostel viele Staunen erregende Wunder geschehen. 44 Alle, die zum Glauben gekommen waren, bildeten eine enge Gemeinschaft und taten ihren ganzen Besitz zusammen. 45 Von Fall zu Fall verkauften sie Grundst\u00fccke und Wertgegenst\u00e4nde und verteilten den Erl\u00f6s unter die Bed\u00fcrftigen in der Gemeinde. 46 Tag f\u00fcr Tag versammelten sie sich einm\u00fctig im Tempel, und in ihren H\u00e4usern hielten sie das Mahl des Herrn und a\u00dfen gemeinsam, mit jubelnder Freude und reinem Herzen. 47 Sie priesen Gott und wurden vom ganzen Volk geachtet.<\/em><\/p>\n<p><em>Der Herr aber f\u00fchrte ihnen jeden Tag weitere Menschen zu, die gerettet werden sollten.<\/em><\/p>\n<p>Die sechs hochformatigen Fenster wollen eine innere Bewegung vermitteln, die vom Haupteingang ausgehend die Farbt\u00f6ne von Dunkelgr\u00fcn und intensivem Rot bis hin zu leuchtendem Blau \u00fcbergehen l\u00e4sst. Im unteren Teil der Glasbilder erscheint diese Bewegung wie von Steinen und Kieseln ges\u00e4umt. Die Medaillons veranschaulichen auf der einen Seite mit gelben Farbt\u00f6nen die Versammlung und auf der anderen Seite mit Blau die Verbreitung.<\/p>\n<p>1985 kommt noch ein grosses Gem\u00e4lde hinzu, betitelt <em>Auferstehung und Hoffnung im ewigen Leben<\/em>. Eine abgestufte Darstellung des Himmels erhebt sich hin zu immer helleren, lichtdurchl\u00e4ssigeren H\u00f6hen, wie im Traum Jakobs (Genesis 28,11-19). Im unteren Teil windet sich ein verzweigter Flusslauf \u00fcber die braune Erde.<\/p>\n<p>Diese Bilder vermitteln denen, die sich in der reformierten Kirche aufhalten, Ruhe und Vitalit\u00e4t, einen Zugang zu Besinnlichkeit und Freude dar\u00fcber, von Licht umgeben zu sein.[\/vc_column_text][\/vc_column_inner][\/vc_row_inner][\/vc_column][\/vc_row][vc_row el_class=&#8220;top-0&#8243;][vc_column][vc_single_image image=&#8220;3026&#8243; img_size=&#8220;full&#8220;][\/vc_column][\/vc_row][vc_row el_class=&#8220;top-0&#8243;][vc_column][vc_row_inner][vc_column_inner width=&#8220;1\/3&#8243;][vc_column_text]<\/p>\n<h2><strong>Die Orgel<\/strong><\/h2>\n<p>[\/vc_column_text][\/vc_column_inner][vc_column_inner width=&#8220;2\/3&#8243;][vc_column_text]Die 1937 gebaute Orgel repr\u00e4sentiert eine Epoche, in der die Welt der Organisten von einer R\u00fcckkehr ins goldene Zeitalter der Orgelbaukunst im 16. Jahrhundert tr\u00e4umt. Man will aber gleichzeitig, ohne genau zu wissen wie, die tief romantische Seele beibehalten, die in der Zwischenzeit dank des technischen Fortschritts, vor allem im 19. Jahrhundert, erreicht und entwickelt worden ist. In unserem Fall wird die erste Orgel im 20. Jahrhundert durch die Firma <em>Kuhn Orgelbau <\/em>aus M\u00e4nnedorf mit einer vollst\u00e4ndig mechanischen Traktion konstruiert. Sie weist eine Art stilistischer Doppelgestalt auf, die von der Musikwissenschaft sp\u00e4ter als \u00abNeoklassizismus\u00bb bezeichnet wird. In der Orgelwelt aber wird sie \u00abOrgelbewegung\u00bb als Referenz an die fortschreitende Wiederentdeckung der alten Orgelbautechniken genannt.[\/vc_column_text][vc_single_image image=&#8220;3308&#8243; img_size=&#8220;full&#8220; css=&#8220;.vc_custom_1669105884330{margin-top: 40px !important;margin-bottom: 40px !important;}&#8220;][vc_column_text]Die Orgel in der reformierten Kirche, ausgestattet mit zwei Manualen und einem Pedal, mit kraftvollen tiefen wie auch mit klangreichen hohen Registern, ist eine typische Vertreterin dieser Bewegung. Im Verlauf der Jahre erf\u00e4hrt sie diverse Ver\u00e4nderungen und Verbesserungen, besonders 2011, als anl\u00e4sslich einer General\u00fcberholung ein elektronisches System zur Speicherung der Registerkombinationen eingebaut wird. Dies erlaubt den Organisten, rasch die Klangfarben zu wechseln, und er\u00f6ffnet ihnen ein gr\u00f6sseres Repertoire. Bei dieser Gelegenheit wird dem Pedal auch ein Pommer 16\u2019\u2019 als Erweiterung der vorhandenen Trompete 8\u2019\u2019 hinzugef\u00fcgt.[\/vc_column_text][\/vc_column_inner][\/vc_row_inner][\/vc_column][\/vc_row]<\/p>\n<\/div>","protected":false},"excerpt":{"rendered":"<p>[vc_row el_class=&#8220;top-0&#8243;][vc_column][vc_row_inner][vc_column_inner width=&#8220;2\/3&#8243;][vc_column_text] Ort des Gottesdienstes Die reformierte Kirchgemeinde entsteht im 19. Jahrhundert in einem katholischen Gebiet. Die Kirchgemeinde ist zweisprachig und sowohl st\u00e4dtisch als auch l\u00e4ndlich gepr\u00e4gt. Sie versammelt sich zum Gottesdienst an einem einzigen Ort und ist Begr\u00fcnderin von Schulen, einer Krippe und einem Spital.[\/vc_column_text][\/vc_column_inner][vc_column_inner width=&#8220;1\/3&#8243;][\/vc_column_inner][\/vc_row_inner][\/vc_column][\/vc_row][vc_row full_width=&#8220;stretch_row&#8220; el_class=&#8220;top-0 image&#8220; css=&#8220;.vc_custom_1669105742316{background-image: url(http:\/\/www.paroisse-fribourg.ch\/wp-content\/uploads\/bandeau_lieu_culte.jpg?id=3058) !important;}&#8220;][vc_column][\/vc_column][\/vc_row][vc_row][vc_column][vc_row_inner][vc_column_inner width=&#8220;1\/3&#8243;][vc_column_text] [&hellip;]<\/p>\n","protected":false},"author":5,"featured_media":0,"parent":3347,"menu_order":11,"comment_status":"closed","ping_status":"closed","template":"","meta":{"_acf_changed":false,"footnotes":""},"class_list":["post-3365","page","type-page","status-publish","hentry"],"acf":[],"yoast_head":"<!-- This site is optimized with the Yoast SEO plugin v24.3 - https:\/\/yoast.com\/wordpress\/plugins\/seo\/ -->\n<title>Ort des Gottesdienstes | Die reformierte Kirchgemeinde von Freiburg<\/title>\n<meta name=\"description\" content=\"Die reformierte Kirchgemeinde entsteht im 19. Jahrhundert in einem katholischen Gebiet. Die Kirchgemeinde ist zweisprachig und sowohl st\u00e4dtisch als auch l\u00e4ndlich gepr\u00e4gt. Sie versammelt sich zum Gottesdienst an einem einzigen Ort und ist Begr\u00fcnderin von Schulen, einer Krippe und einem Spital.\" \/>\n<meta name=\"robots\" content=\"index, follow, max-snippet:-1, max-image-preview:large, max-video-preview:-1\" \/>\n<link rel=\"canonical\" href=\"https:\/\/www.paroisse-fribourg.ch\/de\/portraet\/ort-des-gottesdienstes\/\" \/>\n<meta property=\"og:locale\" content=\"de_DE\" \/>\n<meta property=\"og:type\" content=\"article\" \/>\n<meta property=\"og:title\" content=\"Ort des Gottesdienstes | Die reformierte Kirchgemeinde von Freiburg\" \/>\n<meta property=\"og:description\" content=\"Die reformierte Kirchgemeinde entsteht im 19. Jahrhundert in einem katholischen Gebiet. Die Kirchgemeinde ist zweisprachig und sowohl st\u00e4dtisch als auch l\u00e4ndlich gepr\u00e4gt. Sie versammelt sich zum Gottesdienst an einem einzigen Ort und ist Begr\u00fcnderin von Schulen, einer Krippe und einem Spital.\" \/>\n<meta property=\"og:url\" content=\"https:\/\/www.paroisse-fribourg.ch\/de\/portraet\/ort-des-gottesdienstes\/\" \/>\n<meta property=\"og:site_name\" content=\"Die reformierte Kirchgemeinde von Freiburg\" \/>\n<meta property=\"article:modified_time\" content=\"2022-11-30T08:24:14+00:00\" \/>\n<meta name=\"twitter:card\" content=\"summary_large_image\" \/>\n<meta name=\"twitter:label1\" content=\"Gesch\u00e4tzte Lesezeit\" \/>\n\t<meta name=\"twitter:data1\" content=\"5\u00a0Minuten\" \/>\n<script type=\"application\/ld+json\" class=\"yoast-schema-graph\">{\"@context\":\"https:\/\/schema.org\",\"@graph\":[{\"@type\":\"WebPage\",\"@id\":\"https:\/\/www.paroisse-fribourg.ch\/de\/portraet\/ort-des-gottesdienstes\/\",\"url\":\"https:\/\/www.paroisse-fribourg.ch\/de\/portraet\/ort-des-gottesdienstes\/\",\"name\":\"Ort des Gottesdienstes | Die reformierte Kirchgemeinde von Freiburg\",\"isPartOf\":{\"@id\":\"https:\/\/www.paroisse-fribourg.ch\/#website\"},\"datePublished\":\"2022-06-09T12:45:44+00:00\",\"dateModified\":\"2022-11-30T08:24:14+00:00\",\"description\":\"Die reformierte Kirchgemeinde entsteht im 19. Jahrhundert in einem katholischen Gebiet. Die Kirchgemeinde ist zweisprachig und sowohl st\u00e4dtisch als auch l\u00e4ndlich gepr\u00e4gt. Sie versammelt sich zum Gottesdienst an einem einzigen Ort und ist Begr\u00fcnderin von Schulen, einer Krippe und einem Spital.\",\"breadcrumb\":{\"@id\":\"https:\/\/www.paroisse-fribourg.ch\/de\/portraet\/ort-des-gottesdienstes\/#breadcrumb\"},\"inLanguage\":\"de\",\"potentialAction\":[{\"@type\":\"ReadAction\",\"target\":[\"https:\/\/www.paroisse-fribourg.ch\/de\/portraet\/ort-des-gottesdienstes\/\"]}]},{\"@type\":\"BreadcrumbList\",\"@id\":\"https:\/\/www.paroisse-fribourg.ch\/de\/portraet\/ort-des-gottesdienstes\/#breadcrumb\",\"itemListElement\":[{\"@type\":\"ListItem\",\"position\":1,\"name\":\"Home\",\"item\":\"https:\/\/www.paroisse-fribourg.ch\/de\/3437\/\"},{\"@type\":\"ListItem\",\"position\":2,\"name\":\"Portr\u00e4t\",\"item\":\"https:\/\/www.paroisse-fribourg.ch\/de\/portraet\/\"},{\"@type\":\"ListItem\",\"position\":3,\"name\":\"Ort des Gottesdienstes\"}]},{\"@type\":\"WebSite\",\"@id\":\"https:\/\/www.paroisse-fribourg.ch\/#website\",\"url\":\"https:\/\/www.paroisse-fribourg.ch\/\",\"name\":\"Die reformierte Kirchgemeinde von Freiburg\",\"description\":\"\",\"potentialAction\":[{\"@type\":\"SearchAction\",\"target\":{\"@type\":\"EntryPoint\",\"urlTemplate\":\"https:\/\/www.paroisse-fribourg.ch\/?s={search_term_string}\"},\"query-input\":{\"@type\":\"PropertyValueSpecification\",\"valueRequired\":true,\"valueName\":\"search_term_string\"}}],\"inLanguage\":\"de\"}]}<\/script>\n<!-- \/ Yoast SEO plugin. -->","yoast_head_json":{"title":"Ort des Gottesdienstes | Die reformierte Kirchgemeinde von Freiburg","description":"Die reformierte Kirchgemeinde entsteht im 19. Jahrhundert in einem katholischen Gebiet. Die Kirchgemeinde ist zweisprachig und sowohl st\u00e4dtisch als auch l\u00e4ndlich gepr\u00e4gt. Sie versammelt sich zum Gottesdienst an einem einzigen Ort und ist Begr\u00fcnderin von Schulen, einer Krippe und einem Spital.","robots":{"index":"index","follow":"follow","max-snippet":"max-snippet:-1","max-image-preview":"max-image-preview:large","max-video-preview":"max-video-preview:-1"},"canonical":"https:\/\/www.paroisse-fribourg.ch\/de\/portraet\/ort-des-gottesdienstes\/","og_locale":"de_DE","og_type":"article","og_title":"Ort des Gottesdienstes | Die reformierte Kirchgemeinde von Freiburg","og_description":"Die reformierte Kirchgemeinde entsteht im 19. Jahrhundert in einem katholischen Gebiet. Die Kirchgemeinde ist zweisprachig und sowohl st\u00e4dtisch als auch l\u00e4ndlich gepr\u00e4gt. Sie versammelt sich zum Gottesdienst an einem einzigen Ort und ist Begr\u00fcnderin von Schulen, einer Krippe und einem Spital.","og_url":"https:\/\/www.paroisse-fribourg.ch\/de\/portraet\/ort-des-gottesdienstes\/","og_site_name":"Die reformierte Kirchgemeinde von Freiburg","article_modified_time":"2022-11-30T08:24:14+00:00","twitter_card":"summary_large_image","twitter_misc":{"Gesch\u00e4tzte Lesezeit":"5\u00a0Minuten"},"schema":{"@context":"https:\/\/schema.org","@graph":[{"@type":"WebPage","@id":"https:\/\/www.paroisse-fribourg.ch\/de\/portraet\/ort-des-gottesdienstes\/","url":"https:\/\/www.paroisse-fribourg.ch\/de\/portraet\/ort-des-gottesdienstes\/","name":"Ort des Gottesdienstes | Die reformierte Kirchgemeinde von Freiburg","isPartOf":{"@id":"https:\/\/www.paroisse-fribourg.ch\/#website"},"datePublished":"2022-06-09T12:45:44+00:00","dateModified":"2022-11-30T08:24:14+00:00","description":"Die reformierte Kirchgemeinde entsteht im 19. Jahrhundert in einem katholischen Gebiet. Die Kirchgemeinde ist zweisprachig und sowohl st\u00e4dtisch als auch l\u00e4ndlich gepr\u00e4gt. Sie versammelt sich zum Gottesdienst an einem einzigen Ort und ist Begr\u00fcnderin von Schulen, einer Krippe und einem Spital.","breadcrumb":{"@id":"https:\/\/www.paroisse-fribourg.ch\/de\/portraet\/ort-des-gottesdienstes\/#breadcrumb"},"inLanguage":"de","potentialAction":[{"@type":"ReadAction","target":["https:\/\/www.paroisse-fribourg.ch\/de\/portraet\/ort-des-gottesdienstes\/"]}]},{"@type":"BreadcrumbList","@id":"https:\/\/www.paroisse-fribourg.ch\/de\/portraet\/ort-des-gottesdienstes\/#breadcrumb","itemListElement":[{"@type":"ListItem","position":1,"name":"Home","item":"https:\/\/www.paroisse-fribourg.ch\/de\/3437\/"},{"@type":"ListItem","position":2,"name":"Portr\u00e4t","item":"https:\/\/www.paroisse-fribourg.ch\/de\/portraet\/"},{"@type":"ListItem","position":3,"name":"Ort des Gottesdienstes"}]},{"@type":"WebSite","@id":"https:\/\/www.paroisse-fribourg.ch\/#website","url":"https:\/\/www.paroisse-fribourg.ch\/","name":"Die reformierte Kirchgemeinde von Freiburg","description":"","potentialAction":[{"@type":"SearchAction","target":{"@type":"EntryPoint","urlTemplate":"https:\/\/www.paroisse-fribourg.ch\/?s={search_term_string}"},"query-input":{"@type":"PropertyValueSpecification","valueRequired":true,"valueName":"search_term_string"}}],"inLanguage":"de"}]}},"_links":{"self":[{"href":"https:\/\/www.paroisse-fribourg.ch\/de\/wp-json\/wp\/v2\/pages\/3365","targetHints":{"allow":["GET"]}}],"collection":[{"href":"https:\/\/www.paroisse-fribourg.ch\/de\/wp-json\/wp\/v2\/pages"}],"about":[{"href":"https:\/\/www.paroisse-fribourg.ch\/de\/wp-json\/wp\/v2\/types\/page"}],"author":[{"embeddable":true,"href":"https:\/\/www.paroisse-fribourg.ch\/de\/wp-json\/wp\/v2\/users\/5"}],"replies":[{"embeddable":true,"href":"https:\/\/www.paroisse-fribourg.ch\/de\/wp-json\/wp\/v2\/comments?post=3365"}],"version-history":[{"count":2,"href":"https:\/\/www.paroisse-fribourg.ch\/de\/wp-json\/wp\/v2\/pages\/3365\/revisions"}],"predecessor-version":[{"id":3367,"href":"https:\/\/www.paroisse-fribourg.ch\/de\/wp-json\/wp\/v2\/pages\/3365\/revisions\/3367"}],"up":[{"embeddable":true,"href":"https:\/\/www.paroisse-fribourg.ch\/de\/wp-json\/wp\/v2\/pages\/3347"}],"wp:attachment":[{"href":"https:\/\/www.paroisse-fribourg.ch\/de\/wp-json\/wp\/v2\/media?parent=3365"}],"curies":[{"name":"wp","href":"https:\/\/api.w.org\/{rel}","templated":true}]}}